{"id":265,"date":"2023-06-01T06:28:28","date_gmt":"2023-06-01T06:28:28","guid":{"rendered":"http:\/\/hdrmedia2.kylos.pl\/concordia\/?page_id=265"},"modified":"2026-02-12T09:42:55","modified_gmt":"2026-02-12T09:42:55","slug":"o-restauracji","status":"publish","type":"page","link":"https:\/\/concordiataste.pl\/wroclaw\/o-restauracji\/","title":{"rendered":"O restauracji"},"content":{"rendered":"\t\t<div data-elementor-type=\"wp-page\" data-elementor-id=\"265\" class=\"elementor elementor-265\" data-elementor-post-type=\"page\">\n\t\t\t\t<div class=\"elementor-element elementor-element-ee45953 e-con-full e-flex e-con e-parent\" data-id=\"ee45953\" data-element_type=\"container\" id=\"prostozpolski\">\n\t\t<div class=\"elementor-element elementor-element-b829707 e-con-full elementor-hidden-tablet elementor-hidden-mobile e-flex e-con e-child\" data-id=\"b829707\" data-element_type=\"container\" data-settings=\"{&quot;background_background&quot;:&quot;classic&quot;}\">\n\t\t\t\t<\/div>\n\t\t<div class=\"elementor-element elementor-element-5669660 e-con-full e-flex e-con e-child\" data-id=\"5669660\" data-element_type=\"container\">\n\t\t<div class=\"elementor-element elementor-element-229c978 e-con-full e-flex e-con e-child\" data-id=\"229c978\" data-element_type=\"container\" data-settings=\"{&quot;background_background&quot;:&quot;classic&quot;}\">\n\t\t\t\t<\/div>\n\t\t<div class=\"elementor-element elementor-element-31ca446 e-con-full e-flex e-con e-child\" data-id=\"31ca446\" data-element_type=\"container\" data-settings=\"{&quot;background_background&quot;:&quot;classic&quot;}\">\n\t\t\t\t<\/div>\n\t\t<div class=\"elementor-element elementor-element-8c90a1c e-con-full e-flex e-con e-child\" data-id=\"8c90a1c\" data-element_type=\"container\">\n\t\t<div class=\"elementor-element elementor-element-41b78ae e-flex e-con-boxed e-con e-child\" data-id=\"41b78ae\" data-element_type=\"container\">\n\t\t\t\t\t<div class=\"e-con-inner\">\n\t\t\t\t<div class=\"elementor-element elementor-element-915ba41 elementor-widget elementor-widget-heading\" data-id=\"915ba41\" data-element_type=\"widget\" data-widget_type=\"heading.default\">\n\t\t\t\t<div class=\"elementor-widget-container\">\n\t\t\t\t\t<h2 class=\"elementor-heading-title elementor-size-default\">O NAS<\/h2>\t\t\t\t<\/div>\n\t\t\t\t<\/div>\n\t\t\t\t<div class=\"elementor-element elementor-element-a32d437 elementor-widget__width-initial elementor-widget elementor-widget-text-editor\" data-id=\"a32d437\" data-element_type=\"widget\" data-widget_type=\"text-editor.default\">\n\t\t\t\t<div class=\"elementor-widget-container\">\n\t\t\t\t\t\t\t\t\t<div class=\"page\" title=\"Page 1\"><div class=\"section\"><div class=\"layoutArea\"><div class=\"column\"><p>Concordia Taste. Zatrzymaj sie\u0328 i smakuj z\u0307ycie.<\/p><\/div><\/div><\/div><\/div>\t\t\t\t\t\t\t\t<\/div>\n\t\t\t\t<\/div>\n\t\t\t\t<div class=\"elementor-element elementor-element-09446e0 elementor-widget__width-initial elementor-widget elementor-widget-text-editor\" data-id=\"09446e0\" data-element_type=\"widget\" data-widget_type=\"text-editor.default\">\n\t\t\t\t<div class=\"elementor-widget-container\">\n\t\t\t\t\t\t\t\t\t<div class=\"page\" title=\"Page 1\"><div class=\"section\"><div class=\"layoutArea\"><div class=\"column\"><p>Concordia Taste po\u0142oz\u0307ona jest w jednym z najpie\u0328kniejszych miejsc we Wroc\u0142awiu \u2013 na zielonej Wyspie S\u0142odowej. Scenografie\u0328 restauracji stanowi przesz\u0142o 500 \u2013 metrowy mural, dzie\u0142o artystki Alicji Bia\u0142ej, kto\u0301ry wyraz\u0307a ho\u0142d dla uwaz\u0307nos\u0301ci i idei smakowania z\u0307ycia z najbliz\u0307szymi nam ludz\u0301mi.<\/p><p>Zwolnij na chwile\u0328, z\u0307eby docenic\u0301 wspo\u0301lnie spe\u0328dzony czas. Concordia Taste to miejsce niepowtarzalnych spotkan\u0301 z rodzina\u0328 i przyjacio\u0301\u0142mi. Cieszcie sie\u0328 przyroda\u0328, sztuka\u0328, wspania\u0142ym jedzeniem i oczywis\u0301cie soba\u0328 nawzajem.<\/p><\/div><\/div><\/div><\/div>\t\t\t\t\t\t\t\t<\/div>\n\t\t\t\t<\/div>\n\t\t\t\t\t<\/div>\n\t\t\t\t<\/div>\n\t\t\t\t<\/div>\n\t\t<div class=\"elementor-element elementor-element-966c4a8 e-con-full elementor-hidden-mobile e-flex e-con e-child\" data-id=\"966c4a8\" data-element_type=\"container\" data-settings=\"{&quot;background_background&quot;:&quot;classic&quot;}\">\n\t\t\t\t<\/div>\n\t\t\t\t<\/div>\n\t\t\t\t<\/div>\n\t\t<div class=\"elementor-element elementor-element-40ebec4 e-grid e-con-full e-con e-parent\" data-id=\"40ebec4\" data-element_type=\"container\" id=\"kuchnia\">\n\t\t<div class=\"elementor-element elementor-element-beea912 e-flex e-con-boxed e-con e-child\" data-id=\"beea912\" data-element_type=\"container\">\n\t\t\t\t\t<div class=\"e-con-inner\">\n\t\t\t\t<div class=\"elementor-element elementor-element-c8b2ea3 elementor-widget elementor-widget-heading\" data-id=\"c8b2ea3\" data-element_type=\"widget\" data-widget_type=\"heading.default\">\n\t\t\t\t<div class=\"elementor-widget-container\">\n\t\t\t\t\t<h2 class=\"elementor-heading-title elementor-size-default\">KUCHNIA<\/h2>\t\t\t\t<\/div>\n\t\t\t\t<\/div>\n\t\t\t\t<div class=\"elementor-element elementor-element-7f9d462 elementor-widget__width-inherit elementor-widget-mobile__width-inherit elementor-widget elementor-widget-text-editor\" data-id=\"7f9d462\" data-element_type=\"widget\" data-widget_type=\"text-editor.default\">\n\t\t\t\t<div class=\"elementor-widget-container\">\n\t\t\t\t\t\t\t\t\t<p>#prostozpolski to nasza codzienna kuchnia, czasem w niecodziennym wydaniu. To proste, lokalne sk\u0142adniki od dolno\u015bl\u0105skich dostawc\u00f3w, z kt\u00f3rymi relacj\u0119 bardzo sobie cenimy. To tradycyjne smaki, kt\u00f3re wielu z nas doskonale zna i nasza o tych smakach opowie\u015b\u0107, kt\u00f3r\u0105 z przyjemno\u015bci\u0105 si\u0119 podzielimy.<\/p>\t\t\t\t\t\t\t\t<\/div>\n\t\t\t\t<\/div>\n\t\t\t\t<div class=\"elementor-element elementor-element-b51497d elementor-align-left elementor-widget elementor-widget-button\" data-id=\"b51497d\" data-element_type=\"widget\" data-widget_type=\"button.default\">\n\t\t\t\t<div class=\"elementor-widget-container\">\n\t\t\t\t\t\t\t\t\t<div class=\"elementor-button-wrapper\">\n\t\t\t\t\t<a class=\"elementor-button elementor-button-link elementor-size-sm elementor-animation-grow\" href=\"https:\/\/concordiataste.pl\/wroclaw\/wp-content\/uploads\/2026\/02\/menupzp1_06.02-1.pdf\" target=\"_blank\">\n\t\t\t\t\t\t<span class=\"elementor-button-content-wrapper\">\n\t\t\t\t\t\t\t\t\t<span class=\"elementor-button-text\">SPRAWD\u0179 MENU<\/span>\n\t\t\t\t\t<\/span>\n\t\t\t\t\t<\/a>\n\t\t\t\t<\/div>\n\t\t\t\t\t\t\t\t<\/div>\n\t\t\t\t<\/div>\n\t\t\t\t\t<\/div>\n\t\t\t\t<\/div>\n\t\t<div class=\"elementor-element elementor-element-6d8113f e-flex e-con-boxed e-con e-child\" data-id=\"6d8113f\" data-element_type=\"container\" data-settings=\"{&quot;background_background&quot;:&quot;classic&quot;}\">\n\t\t\t\t\t<div class=\"e-con-inner\">\n\t\t\t\t\t<\/div>\n\t\t\t\t<\/div>\n\t\t<div class=\"elementor-element elementor-element-5668cd1 elementor-hidden-tablet e-flex e-con-boxed e-con e-child\" data-id=\"5668cd1\" data-element_type=\"container\" data-settings=\"{&quot;background_background&quot;:&quot;classic&quot;}\">\n\t\t\t\t\t<div class=\"e-con-inner\">\n\t\t\t\t\t<\/div>\n\t\t\t\t<\/div>\n\t\t\t\t<\/div>\n\t\t<div class=\"elementor-element elementor-element-c2039d0 e-con-full e-flex e-con e-parent\" data-id=\"c2039d0\" data-element_type=\"container\">\n\t\t<div class=\"elementor-element elementor-element-6a7c3c6 e-con-full e-flex e-con e-child\" data-id=\"6a7c3c6\" data-element_type=\"container\">\n\t\t\t\t<div class=\"elementor-element elementor-element-e602018 elementor-widget__width-inherit elementor-widget-mobile__width-inherit elementor-widget-tablet__width-inherit elementor-widget elementor-widget-text-editor\" data-id=\"e602018\" data-element_type=\"widget\" data-widget_type=\"text-editor.default\">\n\t\t\t\t<div class=\"elementor-widget-container\">\n\t\t\t\t\t\t\t\t\t<p>Produkty w naszej kuchni pochodz\u0105 od polskich dostawc\u00f3w, kt\u00f3rych poznali\u015bmy podczas kulinarnej podr\u00f3\u017cy po Polsce. Odwiedzaj\u0105c lokalne gospodarstwa, tocz\u0105c setki inspiruj\u0105cych rozm\u00f3w o uprawach, tradycyjnych recepturach i rzemie\u015blniczych metodach produkcji, smakuj\u0105c regionalne przysmaki, owoce prosto z sadu i warzywa z grz\u0105dki, tworzyli\u015bmy list\u0119 os\u00f3b, z kt\u00f3rymi wsp\u00f3\u0142pracujemy do dzi\u015b.<\/p>\t\t\t\t\t\t\t\t<\/div>\n\t\t\t\t<\/div>\n\t\t\t\t<\/div>\n\t\t<div class=\"elementor-element elementor-element-69cabdc e-con-full e-flex e-con e-child\" data-id=\"69cabdc\" data-element_type=\"container\" data-settings=\"{&quot;background_background&quot;:&quot;classic&quot;}\">\n\t\t\t\t<\/div>\n\t\t\t\t<\/div>\n\t\t<div class=\"elementor-element elementor-element-01595ab e-grid e-con-full e-con e-parent\" data-id=\"01595ab\" data-element_type=\"container\" id=\"wino\">\n\t\t<div class=\"elementor-element elementor-element-e87b676 e-flex e-con-boxed e-con e-child\" data-id=\"e87b676\" data-element_type=\"container\" data-settings=\"{&quot;background_background&quot;:&quot;classic&quot;}\">\n\t\t\t\t\t<div class=\"e-con-inner\">\n\t\t\t\t\t<\/div>\n\t\t\t\t<\/div>\n\t\t<div class=\"elementor-element elementor-element-03ddcb4 e-con-full e-flex e-con e-child\" data-id=\"03ddcb4\" data-element_type=\"container\">\n\t\t<div class=\"elementor-element elementor-element-7e43b2b e-flex e-con-boxed e-con e-child\" data-id=\"7e43b2b\" data-element_type=\"container\">\n\t\t\t\t\t<div class=\"e-con-inner\">\n\t\t\t\t<div class=\"elementor-element elementor-element-5b481eb elementor-widget elementor-widget-heading\" data-id=\"5b481eb\" data-element_type=\"widget\" data-widget_type=\"heading.default\">\n\t\t\t\t<div class=\"elementor-widget-container\">\n\t\t\t\t\t<h2 class=\"elementor-heading-title elementor-size-default\">WINO<\/h2>\t\t\t\t<\/div>\n\t\t\t\t<\/div>\n\t\t\t\t<div class=\"elementor-element elementor-element-058fdeb elementor-widget__width-inherit elementor-widget-mobile__width-inherit elementor-widget elementor-widget-text-editor\" data-id=\"058fdeb\" data-element_type=\"widget\" data-widget_type=\"text-editor.default\">\n\t\t\t\t<div class=\"elementor-widget-container\">\n\t\t\t\t\t\t\t\t\t<p>Stworzyli\u015bmy kart\u0119 win opart\u0105 wy\u0142\u0105cznie o dolno\u015bl\u0105skie winnice, kt\u00f3rych zgromadzili\u015bmy ju\u017c ponad 80 etykiet z 26 winnic, a ka\u017cdego dnia dok\u0142adamy kolejne. Cieszymy si\u0119, \u017ce na naszych oczach tworzy si\u0119 historia polskiego i dolno\u015bl\u0105skiego winiarstwa, a my mo\u017cemy by\u0107 tego cz\u0119\u015bci\u0105.<\/p>\t\t\t\t\t\t\t\t<\/div>\n\t\t\t\t<\/div>\n\t\t\t\t\t<\/div>\n\t\t\t\t<\/div>\n\t\t\t\t<div class=\"elementor-element elementor-element-8dfcb3f elementor-align-left elementor-widget elementor-widget-button\" data-id=\"8dfcb3f\" data-element_type=\"widget\" data-widget_type=\"button.default\">\n\t\t\t\t<div class=\"elementor-widget-container\">\n\t\t\t\t\t\t\t\t\t<div class=\"elementor-button-wrapper\">\n\t\t\t\t\t<a class=\"elementor-button elementor-button-link elementor-size-sm elementor-animation-grow\" href=\"https:\/\/concordiataste.pl\/wroclaw\/wp-content\/uploads\/2026\/02\/kartawin_06.02.pdf\" target=\"_blank\">\n\t\t\t\t\t\t<span class=\"elementor-button-content-wrapper\">\n\t\t\t\t\t\t\t\t\t<span class=\"elementor-button-text\">karta win<\/span>\n\t\t\t\t\t<\/span>\n\t\t\t\t\t<\/a>\n\t\t\t\t<\/div>\n\t\t\t\t\t\t\t\t<\/div>\n\t\t\t\t<\/div>\n\t\t\t\t<\/div>\n\t\t<div class=\"elementor-element elementor-element-7f8d892 e-flex e-con-boxed e-con e-child\" data-id=\"7f8d892\" data-element_type=\"container\" data-settings=\"{&quot;background_background&quot;:&quot;classic&quot;}\">\n\t\t\t\t\t<div class=\"e-con-inner\">\n\t\t\t\t\t<\/div>\n\t\t\t\t<\/div>\n\t\t<div class=\"elementor-element elementor-element-b6e83d6 e-flex e-con-boxed e-con e-child\" data-id=\"b6e83d6\" data-element_type=\"container\" data-settings=\"{&quot;background_background&quot;:&quot;classic&quot;}\">\n\t\t\t\t\t<div class=\"e-con-inner\">\n\t\t\t\t<div class=\"elementor-element elementor-element-4d17a68 elementor-widget elementor-widget-menu-anchor\" data-id=\"4d17a68\" data-element_type=\"widget\" data-widget_type=\"menu-anchor.default\">\n\t\t\t\t<div class=\"elementor-widget-container\">\n\t\t\t\t\t\t\t<div class=\"elementor-menu-anchor\" id=\"nasze-osiagniecia\"><\/div>\n\t\t\t\t\t\t<\/div>\n\t\t\t\t<\/div>\n\t\t\t\t\t<\/div>\n\t\t\t\t<\/div>\n\t\t<div class=\"elementor-element elementor-element-d4bd111 e-con-full e-flex e-con e-child\" data-id=\"d4bd111\" data-element_type=\"container\">\n\t\t<div class=\"elementor-element elementor-element-1250aa5 e-flex e-con-boxed e-con e-child\" data-id=\"1250aa5\" data-element_type=\"container\">\n\t\t\t\t\t<div class=\"e-con-inner\">\n\t\t\t\t<div class=\"elementor-element elementor-element-17fc25a elementor-widget elementor-widget-heading\" data-id=\"17fc25a\" data-element_type=\"widget\" data-widget_type=\"heading.default\">\n\t\t\t\t<div class=\"elementor-widget-container\">\n\t\t\t\t\t<h2 class=\"elementor-heading-title elementor-size-default\">DOCENIENIA<\/h2>\t\t\t\t<\/div>\n\t\t\t\t<\/div>\n\t\t\t\t<div class=\"elementor-element elementor-element-f1cf6be elementor-widget__width-inherit elementor-widget-mobile__width-inherit elementor-widget elementor-widget-text-editor\" data-id=\"f1cf6be\" data-element_type=\"widget\" data-widget_type=\"text-editor.default\">\n\t\t\t\t<div class=\"elementor-widget-container\">\n\t\t\t\t\t\t\t\t\t<p>Zostali\u015bmy wielokrotnie docenieni przez go\u015bci festiwalu Restaurant Week, kt\u00f3ry wysoko nas oceniaj\u0105c zapewnili nam tytu\u0142y Najlepszej restauracji we Wroc\u0142awiu oraz 2. w Polsce w 2023 roku.<\/p><p>Przestrze\u0144 naszej restauracji zosta\u0142a doceniona przez Jury presti\u017cowego konkursu ARTinARCHitecture uznaj\u0105c j\u0105 za NAJLEPSZ\u0104 PRZESTRZE\u0143 PUBLICZN\u0104 W POLSCE w 2024 roku.<\/p>\t\t\t\t\t\t\t\t<\/div>\n\t\t\t\t<\/div>\n\t\t\t\t\t<\/div>\n\t\t\t\t<\/div>\n\t\t\t\t<\/div>\n\t\t<div class=\"elementor-element elementor-element-0a59889 e-flex e-con-boxed e-con e-child\" data-id=\"0a59889\" data-element_type=\"container\" data-settings=\"{&quot;background_background&quot;:&quot;classic&quot;}\">\n\t\t\t\t\t<div class=\"e-con-inner\">\n\t\t\t\t\t<\/div>\n\t\t\t\t<\/div>\n\t\t<div class=\"elementor-element elementor-element-529f4ef e-con-full e-flex e-con e-child\" data-id=\"529f4ef\" data-element_type=\"container\">\n\t\t\t\t<div class=\"elementor-element elementor-element-9c06b49 elementor-widget elementor-widget-heading\" data-id=\"9c06b49\" data-element_type=\"widget\" data-widget_type=\"heading.default\">\n\t\t\t\t<div class=\"elementor-widget-container\">\n\t\t\t\t\t<h2 class=\"elementor-heading-title elementor-size-default\">Dolno\u015bl\u0105skie produkty<\/h2>\t\t\t\t<\/div>\n\t\t\t\t<\/div>\n\t\t\t\t<div class=\"elementor-element elementor-element-7df3305 elementor-widget__width-inherit elementor-widget-mobile__width-inherit elementor-widget-tablet__width-inherit elementor-widget elementor-widget-text-editor\" data-id=\"7df3305\" data-element_type=\"widget\" data-widget_type=\"text-editor.default\">\n\t\t\t\t<div class=\"elementor-widget-container\">\n\t\t\t\t\t\t\t\t\t<p>Nasz Sklepik z lokalnymi specja\u0142ami got\u00f3w jest zaopatrzy\u0107 Ci\u0119 w niekt\u00f3re z naszych ulubionych smak\u00f3w, z kt\u00f3rych korzystamy w kuchni. Owocowe miody z W\u0105sosza, oleje, kiszonki, czy Kombucha ze \u015awidnicy. Zabierz ze sob\u0105 je\u015bli chcesz.<\/p><p><strong>DOSTAWCY:<\/strong><\/p><ol><li>Dolno\u015bl\u0105skie Miody<\/li><li>Kiszone Specja\u0142y<\/li><li>Dolno\u015bl\u0105skie Winnice<\/li><li>Olej<\/li><li>Pstr\u0105g K\u0142odzki<\/li><\/ol>\t\t\t\t\t\t\t\t<\/div>\n\t\t\t\t<\/div>\n\t\t\t\t<\/div>\n\t\t<div class=\"elementor-element elementor-element-e555a7b e-flex e-con-boxed e-con e-child\" data-id=\"e555a7b\" data-element_type=\"container\" data-settings=\"{&quot;background_background&quot;:&quot;classic&quot;}\">\n\t\t\t\t\t<div class=\"e-con-inner\">\n\t\t\t\t\t<\/div>\n\t\t\t\t<\/div>\n\t\t<div class=\"elementor-element elementor-element-89c2f95 e-flex e-con-boxed e-con e-child\" data-id=\"89c2f95\" data-element_type=\"container\" data-settings=\"{&quot;background_background&quot;:&quot;classic&quot;}\">\n\t\t\t\t\t<div class=\"e-con-inner\">\n\t\t\t\t\t<\/div>\n\t\t\t\t<\/div>\n\t\t\t\t<\/div>\n\t\t<div class=\"elementor-element elementor-element-10b73f1 e-con-full e-flex e-con e-parent\" data-id=\"10b73f1\" data-element_type=\"container\" id=\"ludzie\">\n\t\t<div class=\"elementor-element elementor-element-2ad32f4 e-con-full e-flex e-con e-child\" data-id=\"2ad32f4\" data-element_type=\"container\" data-settings=\"{&quot;background_background&quot;:&quot;classic&quot;}\">\n\t\t\t\t<div class=\"elementor-element elementor-element-c8db872 elementor-widget elementor-widget-heading\" data-id=\"c8db872\" data-element_type=\"widget\" data-widget_type=\"heading.default\">\n\t\t\t\t<div class=\"elementor-widget-container\">\n\t\t\t\t\t<h2 class=\"elementor-heading-title elementor-size-default\">Ludzie Concordia Taste\u200b<\/h2>\t\t\t\t<\/div>\n\t\t\t\t<\/div>\n\t\t\t\t<\/div>\n\t\t<div class=\"elementor-element elementor-element-c9ebeaa e-con-full e-flex e-con e-child\" data-id=\"c9ebeaa\" data-element_type=\"container\" data-settings=\"{&quot;background_background&quot;:&quot;classic&quot;}\">\n\t\t\t\t<div class=\"elementor-element elementor-element-e1358c2 elementor-widget__width-inherit e-transform elementor-invisible elementor-widget elementor-widget-heading\" data-id=\"e1358c2\" data-element_type=\"widget\" data-settings=\"{&quot;_animation&quot;:&quot;fadeInUp&quot;,&quot;_transform_scale_effect&quot;:{&quot;unit&quot;:&quot;px&quot;,&quot;size&quot;:&quot;&quot;,&quot;sizes&quot;:[]},&quot;_transform_scale_effect_tablet&quot;:{&quot;unit&quot;:&quot;px&quot;,&quot;size&quot;:&quot;&quot;,&quot;sizes&quot;:[]},&quot;_transform_scale_effect_mobile&quot;:{&quot;unit&quot;:&quot;px&quot;,&quot;size&quot;:&quot;&quot;,&quot;sizes&quot;:[]}}\" data-widget_type=\"heading.default\">\n\t\t\t\t<div class=\"elementor-widget-container\">\n\t\t\t\t\t<h2 class=\"elementor-heading-title elementor-size-default\">Ewa Voelkel-Krokowicz<br>w\u0142a\u015bcicielka | CEO Concordia Design<\/h2>\t\t\t\t<\/div>\n\t\t\t\t<\/div>\n\t\t\t\t<\/div>\n\t\t\t\t<\/div>\n\t\t<div class=\"elementor-element elementor-element-0eb76e8 e-con-full e-grid e-con e-parent\" data-id=\"0eb76e8\" data-element_type=\"container\">\n\t\t<div class=\"elementor-element elementor-element-e597d33 e-con-full e-flex e-con e-child\" data-id=\"e597d33\" data-element_type=\"container\" data-settings=\"{&quot;background_background&quot;:&quot;classic&quot;}\">\n\t\t\t\t<div class=\"elementor-element elementor-element-e7841b1 elementor-widget__width-inherit e-transform elementor-invisible elementor-widget elementor-widget-heading\" data-id=\"e7841b1\" data-element_type=\"widget\" data-settings=\"{&quot;_animation&quot;:&quot;fadeInUp&quot;,&quot;_transform_scale_effect&quot;:{&quot;unit&quot;:&quot;px&quot;,&quot;size&quot;:&quot;&quot;,&quot;sizes&quot;:[]},&quot;_transform_scale_effect_tablet&quot;:{&quot;unit&quot;:&quot;px&quot;,&quot;size&quot;:&quot;&quot;,&quot;sizes&quot;:[]},&quot;_transform_scale_effect_mobile&quot;:{&quot;unit&quot;:&quot;px&quot;,&quot;size&quot;:&quot;&quot;,&quot;sizes&quot;:[]}}\" data-widget_type=\"heading.default\">\n\t\t\t\t<div class=\"elementor-widget-container\">\n\t\t\t\t\t<h2 class=\"elementor-heading-title elementor-size-default\">Patryk WIerz\u0119\u0107<br>Szef Kuchni Restauracji<\/h2>\t\t\t\t<\/div>\n\t\t\t\t<\/div>\n\t\t\t\t<\/div>\n\t\t<div class=\"elementor-element elementor-element-e42593f e-con-full e-flex e-con e-child\" data-id=\"e42593f\" data-element_type=\"container\" data-settings=\"{&quot;background_background&quot;:&quot;classic&quot;}\">\n\t\t\t\t<div class=\"elementor-element elementor-element-c29c1e0 elementor-widget__width-inherit e-transform elementor-invisible elementor-widget elementor-widget-heading\" data-id=\"c29c1e0\" data-element_type=\"widget\" data-settings=\"{&quot;_animation&quot;:&quot;fadeInUp&quot;,&quot;_transform_scale_effect&quot;:{&quot;unit&quot;:&quot;px&quot;,&quot;size&quot;:&quot;&quot;,&quot;sizes&quot;:[]},&quot;_transform_scale_effect_tablet&quot;:{&quot;unit&quot;:&quot;px&quot;,&quot;size&quot;:&quot;&quot;,&quot;sizes&quot;:[]},&quot;_transform_scale_effect_mobile&quot;:{&quot;unit&quot;:&quot;px&quot;,&quot;size&quot;:&quot;&quot;,&quot;sizes&quot;:[]}}\" data-widget_type=\"heading.default\">\n\t\t\t\t<div class=\"elementor-widget-container\">\n\t\t\t\t\t<h2 class=\"elementor-heading-title elementor-size-default\">Krzysztof Szczepa\u0144ski<br>Dyrektor Gastronomii<\/h2>\t\t\t\t<\/div>\n\t\t\t\t<\/div>\n\t\t\t\t<\/div>\n\t\t<div class=\"elementor-element elementor-element-09a287c e-con-full e-flex e-con e-child\" data-id=\"09a287c\" data-element_type=\"container\" data-settings=\"{&quot;background_background&quot;:&quot;classic&quot;}\">\n\t\t\t\t<div class=\"elementor-element elementor-element-c472f98 elementor-widget__width-inherit e-transform elementor-invisible elementor-widget elementor-widget-heading\" data-id=\"c472f98\" data-element_type=\"widget\" data-settings=\"{&quot;_animation&quot;:&quot;fadeInUp&quot;,&quot;_transform_scale_effect&quot;:{&quot;unit&quot;:&quot;px&quot;,&quot;size&quot;:&quot;&quot;,&quot;sizes&quot;:[]},&quot;_transform_scale_effect_tablet&quot;:{&quot;unit&quot;:&quot;px&quot;,&quot;size&quot;:&quot;&quot;,&quot;sizes&quot;:[]},&quot;_transform_scale_effect_mobile&quot;:{&quot;unit&quot;:&quot;px&quot;,&quot;size&quot;:&quot;&quot;,&quot;sizes&quot;:[]}}\" data-widget_type=\"heading.default\">\n\t\t\t\t<div class=\"elementor-widget-container\">\n\t\t\t\t\t<h2 class=\"elementor-heading-title elementor-size-default\">Marcin Tomaszewski<br>Manager Restauracji<\/h2>\t\t\t\t<\/div>\n\t\t\t\t<\/div>\n\t\t\t\t<\/div>\n\t\t<div class=\"elementor-element elementor-element-338a0f1 e-con-full e-flex e-con e-child\" data-id=\"338a0f1\" data-element_type=\"container\" data-settings=\"{&quot;background_background&quot;:&quot;classic&quot;}\">\n\t\t\t\t<div class=\"elementor-element elementor-element-2bb3550 elementor-widget__width-inherit e-transform elementor-invisible elementor-widget elementor-widget-heading\" data-id=\"2bb3550\" data-element_type=\"widget\" data-settings=\"{&quot;_animation&quot;:&quot;fadeInUp&quot;,&quot;_transform_scale_effect&quot;:{&quot;unit&quot;:&quot;px&quot;,&quot;size&quot;:&quot;&quot;,&quot;sizes&quot;:[]},&quot;_transform_scale_effect_tablet&quot;:{&quot;unit&quot;:&quot;px&quot;,&quot;size&quot;:&quot;&quot;,&quot;sizes&quot;:[]},&quot;_transform_scale_effect_mobile&quot;:{&quot;unit&quot;:&quot;px&quot;,&quot;size&quot;:&quot;&quot;,&quot;sizes&quot;:[]}}\" data-widget_type=\"heading.default\">\n\t\t\t\t<div class=\"elementor-widget-container\">\n\t\t\t\t\t<h2 class=\"elementor-heading-title elementor-size-default\">Dawid Kasprzycki<br>Manager Bankiet\u00f3w<\/h2>\t\t\t\t<\/div>\n\t\t\t\t<\/div>\n\t\t\t\t<\/div>\n\t\t<div class=\"elementor-element elementor-element-64cf4c1 e-con-full e-flex e-con e-child\" data-id=\"64cf4c1\" data-element_type=\"container\" data-settings=\"{&quot;background_background&quot;:&quot;classic&quot;}\">\n\t\t\t\t<div class=\"elementor-element elementor-element-b753274 elementor-widget__width-inherit e-transform elementor-invisible elementor-widget elementor-widget-heading\" data-id=\"b753274\" data-element_type=\"widget\" data-settings=\"{&quot;_animation&quot;:&quot;fadeInUp&quot;,&quot;_transform_scale_effect&quot;:{&quot;unit&quot;:&quot;px&quot;,&quot;size&quot;:&quot;&quot;,&quot;sizes&quot;:[]},&quot;_transform_scale_effect_tablet&quot;:{&quot;unit&quot;:&quot;px&quot;,&quot;size&quot;:&quot;&quot;,&quot;sizes&quot;:[]},&quot;_transform_scale_effect_mobile&quot;:{&quot;unit&quot;:&quot;px&quot;,&quot;size&quot;:&quot;&quot;,&quot;sizes&quot;:[]}}\" data-widget_type=\"heading.default\">\n\t\t\t\t<div class=\"elementor-widget-container\">\n\t\t\t\t\t<h2 class=\"elementor-heading-title elementor-size-default\">Madzia Maksymowicz<br>Manager Sali<\/h2>\t\t\t\t<\/div>\n\t\t\t\t<\/div>\n\t\t\t\t<\/div>\n\t\t<div class=\"elementor-element elementor-element-2629b71 e-con-full e-flex e-con e-child\" data-id=\"2629b71\" data-element_type=\"container\" data-settings=\"{&quot;background_background&quot;:&quot;classic&quot;}\">\n\t\t\t\t<div class=\"elementor-element elementor-element-599f7fb elementor-widget__width-inherit e-transform elementor-invisible elementor-widget elementor-widget-heading\" data-id=\"599f7fb\" data-element_type=\"widget\" data-settings=\"{&quot;_animation&quot;:&quot;fadeInUp&quot;,&quot;_transform_scale_effect&quot;:{&quot;unit&quot;:&quot;px&quot;,&quot;size&quot;:&quot;&quot;,&quot;sizes&quot;:[]},&quot;_transform_scale_effect_tablet&quot;:{&quot;unit&quot;:&quot;px&quot;,&quot;size&quot;:&quot;&quot;,&quot;sizes&quot;:[]},&quot;_transform_scale_effect_mobile&quot;:{&quot;unit&quot;:&quot;px&quot;,&quot;size&quot;:&quot;&quot;,&quot;sizes&quot;:[]}}\" data-widget_type=\"heading.default\">\n\t\t\t\t<div class=\"elementor-widget-container\">\n\t\t\t\t\t<h2 class=\"elementor-heading-title elementor-size-default\">Krzysztof Nakielski<br>Manager Marketingu i PR<\/h2>\t\t\t\t<\/div>\n\t\t\t\t<\/div>\n\t\t\t\t<\/div>\n\t\t<div class=\"elementor-element elementor-element-739caff e-con-full e-flex e-con e-child\" data-id=\"739caff\" data-element_type=\"container\" data-settings=\"{&quot;background_background&quot;:&quot;classic&quot;}\">\n\t\t\t\t<div class=\"elementor-element elementor-element-b554819 elementor-widget__width-inherit e-transform elementor-invisible elementor-widget elementor-widget-heading\" data-id=\"b554819\" data-element_type=\"widget\" data-settings=\"{&quot;_animation&quot;:&quot;fadeInUp&quot;,&quot;_transform_scale_effect&quot;:{&quot;unit&quot;:&quot;px&quot;,&quot;size&quot;:&quot;&quot;,&quot;sizes&quot;:[]},&quot;_transform_scale_effect_tablet&quot;:{&quot;unit&quot;:&quot;px&quot;,&quot;size&quot;:&quot;&quot;,&quot;sizes&quot;:[]},&quot;_transform_scale_effect_mobile&quot;:{&quot;unit&quot;:&quot;px&quot;,&quot;size&quot;:&quot;&quot;,&quot;sizes&quot;:[]}}\" data-widget_type=\"heading.default\">\n\t\t\t\t<div class=\"elementor-widget-container\">\n\t\t\t\t\t<h2 class=\"elementor-heading-title elementor-size-default\">Marta Wygoda<br>Manager Biura i Kadr<\/h2>\t\t\t\t<\/div>\n\t\t\t\t<\/div>\n\t\t\t\t<\/div>\n\t\t\t\t<\/div>\n\t\t\t\t<\/div>\n\t\t","protected":false},"excerpt":{"rendered":"<p>O NAS Concordia Taste. Zatrzymaj sie\u0328 i smakuj z\u0307ycie. Concordia Taste po\u0142oz\u0307ona jest w jednym z najpie\u0328kniejszych miejsc we Wroc\u0142awiu \u2013 na zielonej Wyspie S\u0142odowej. Scenografie\u0328 restauracji stanowi przesz\u0142o 500 \u2013 metrowy mural, dzie\u0142o artystki Alicji Bia\u0142ej, kto\u0301ry wyraz\u0307a ho\u0142d dla uwaz\u0307nos\u0301ci i idei smakowania z\u0307ycia z najbliz\u0307szymi nam ludz\u0301mi. Zwolnij na chwile\u0328, z\u0307eby docenic\u0301 [&hellip;]<\/p>\n","protected":false},"author":1,"featured_media":0,"parent":0,"menu_order":0,"comment_status":"closed","ping_status":"closed","template":"","meta":{"_acf_changed":false,"footnotes":""},"class_list":["post-265","page","type-page","status-publish","hentry"],"acf":[],"_links":{"self":[{"href":"https:\/\/concordiataste.pl\/wroclaw\/wp-json\/wp\/v2\/pages\/265","targetHints":{"allow":["GET"]}}],"collection":[{"href":"https:\/\/concordiataste.pl\/wroclaw\/wp-json\/wp\/v2\/pages"}],"about":[{"href":"https:\/\/concordiataste.pl\/wroclaw\/wp-json\/wp\/v2\/types\/page"}],"author":[{"embeddable":true,"href":"https:\/\/concordiataste.pl\/wroclaw\/wp-json\/wp\/v2\/users\/1"}],"replies":[{"embeddable":true,"href":"https:\/\/concordiataste.pl\/wroclaw\/wp-json\/wp\/v2\/comments?post=265"}],"version-history":[{"count":115,"href":"https:\/\/concordiataste.pl\/wroclaw\/wp-json\/wp\/v2\/pages\/265\/revisions"}],"predecessor-version":[{"id":4414,"href":"https:\/\/concordiataste.pl\/wroclaw\/wp-json\/wp\/v2\/pages\/265\/revisions\/4414"}],"wp:attachment":[{"href":"https:\/\/concordiataste.pl\/wroclaw\/wp-json\/wp\/v2\/media?parent=265"}],"curies":[{"name":"wp","href":"https:\/\/api.w.org\/{rel}","templated":true}]}}